{"id":5840,"date":"2023-08-29T17:15:40","date_gmt":"2023-08-29T14:15:40","guid":{"rendered":"https:\/\/packnet.com.tr\/nachrichten\/"},"modified":"2023-08-29T17:15:40","modified_gmt":"2023-08-29T14:15:40","slug":"nachrichten","status":"publish","type":"page","link":"https:\/\/packnet.com.tr\/de\/nachrichten\/","title":{"rendered":"Nachrichten"},"content":{"rendered":"\t\t<div data-elementor-type=\"wp-page\" data-elementor-id=\"5840\" class=\"elementor elementor-5840 elementor-4143\" data-elementor-post-type=\"page\">\n\t\t\t\t<div class=\"elementor-element elementor-element-49a3fe8 e-flex e-con-boxed e-con e-parent\" data-id=\"49a3fe8\" data-element_type=\"container\">\n\t\t\t\t\t<div class=\"e-con-inner\">\n\t\t\t\t<div class=\"elementor-element elementor-element-13e5460 elementor-grid-3 elementor-grid-tablet-2 elementor-grid-mobile-1 elementor-posts--thumbnail-top elementor-card-shadow-yes elementor-posts__hover-gradient elementor-widget elementor-widget-posts\" data-id=\"13e5460\" data-element_type=\"widget\" data-settings=\"{&quot;cards_columns&quot;:&quot;3&quot;,&quot;cards_columns_tablet&quot;:&quot;2&quot;,&quot;cards_columns_mobile&quot;:&quot;1&quot;,&quot;cards_row_gap&quot;:{&quot;unit&quot;:&quot;px&quot;,&quot;size&quot;:35,&quot;sizes&quot;:[]},&quot;cards_row_gap_tablet&quot;:{&quot;unit&quot;:&quot;px&quot;,&quot;size&quot;:&quot;&quot;,&quot;sizes&quot;:[]},&quot;cards_row_gap_mobile&quot;:{&quot;unit&quot;:&quot;px&quot;,&quot;size&quot;:&quot;&quot;,&quot;sizes&quot;:[]}}\" data-widget_type=\"posts.cards\">\n\t\t\t\t<div class=\"elementor-widget-container\">\n\t\t\t\t\t\t\t<div class=\"elementor-posts-container elementor-posts elementor-posts--skin-cards elementor-grid\" role=\"list\">\n\t\t\t\t<article class=\"elementor-post elementor-grid-item post-6153 post type-post status-publish format-standard has-post-thumbnail hentry category-unkategorisiert\" role=\"listitem\">\n\t\t\t<div class=\"elementor-post__card\">\n\t\t\t\t<a class=\"elementor-post__thumbnail__link\" href=\"https:\/\/packnet.com.tr\/de\/sicherheitsnetze-fuer-den-bau\/\" tabindex=\"-1\"><div class=\"elementor-post__thumbnail\"><img fetchpriority=\"high\" decoding=\"async\" width=\"1920\" height=\"600\" src=\"https:\/\/packnet.com.tr\/wp-content\/uploads\/2022\/08\/insaat-guvenlik-filesi.jpg\" class=\"attachment-full size-full wp-image-5089\" alt=\"\" srcset=\"https:\/\/packnet.com.tr\/wp-content\/uploads\/2022\/08\/insaat-guvenlik-filesi.jpg 1920w, https:\/\/packnet.com.tr\/wp-content\/uploads\/2022\/08\/insaat-guvenlik-filesi-300x94.jpg 300w, https:\/\/packnet.com.tr\/wp-content\/uploads\/2022\/08\/insaat-guvenlik-filesi-1024x320.jpg 1024w, https:\/\/packnet.com.tr\/wp-content\/uploads\/2022\/08\/insaat-guvenlik-filesi-768x240.jpg 768w, https:\/\/packnet.com.tr\/wp-content\/uploads\/2022\/08\/insaat-guvenlik-filesi-1536x480.jpg 1536w\" sizes=\"(max-width: 1920px) 100vw, 1920px\" \/><\/div><\/a>\n\t\t\t\t<div class=\"elementor-post__text\">\n\t\t\t\t<h3 class=\"elementor-post__title\">\n\t\t\t<a href=\"https:\/\/packnet.com.tr\/de\/sicherheitsnetze-fuer-den-bau\/\">\n\t\t\t\tSicherheitsnetze f\u00fcr den Bau\t\t\t<\/a>\n\t\t<\/h3>\n\t\t\t\t<div class=\"elementor-post__excerpt\">\n\t\t\t<p>Ein Bauschutznetz ist ein Sicherheitssystem, das gegen den Absturz von Personen, G\u00c3\u00bctern oder verschiedenen Gegenst\u00c3\u00a4nden an verschiedenen Orten eingesetzt wird. Sicherheitsnetze f\u00fcr den Baubereich, die<\/p>\n\t\t<\/div>\n\t\t\n\t\t<a class=\"elementor-post__read-more\" href=\"https:\/\/packnet.com.tr\/de\/sicherheitsnetze-fuer-den-bau\/\" aria-label=\"Mehr \u00fcber Sicherheitsnetze f\u00fcr den Bau\" tabindex=\"-1\">\n\t\t\tMehr lesen \u00bb\t\t<\/a>\n\n\t\t\t\t<\/div>\n\t\t\t\t<div class=\"elementor-post__meta-data\">\n\t\t\t\t\t<span class=\"elementor-post-date\">\n\t\t\t22 September 2023\t\t<\/span>\n\t\t\t\t<\/div>\n\t\t\t\t\t<\/div>\n\t\t<\/article>\n\t\t\t\t<article class=\"elementor-post elementor-grid-item post-6151 post type-post status-publish format-standard has-post-thumbnail hentry category-unkategorisiert\" role=\"listitem\">\n\t\t\t<div class=\"elementor-post__card\">\n\t\t\t\t<a class=\"elementor-post__thumbnail__link\" href=\"https:\/\/packnet.com.tr\/de\/methoden-zum-schutz-der-setzlinge-vor-kaelte-bauernstimme\/\" tabindex=\"-1\"><div class=\"elementor-post__thumbnail\"><img decoding=\"async\" width=\"1920\" height=\"500\" src=\"https:\/\/packnet.com.tr\/wp-content\/uploads\/2022\/04\/fidanlari-soguktan-koruma-yontemleri-01.jpg\" class=\"attachment-full size-full wp-image-5077\" alt=\"\" srcset=\"https:\/\/packnet.com.tr\/wp-content\/uploads\/2022\/04\/fidanlari-soguktan-koruma-yontemleri-01.jpg 1920w, https:\/\/packnet.com.tr\/wp-content\/uploads\/2022\/04\/fidanlari-soguktan-koruma-yontemleri-01-300x78.jpg 300w, https:\/\/packnet.com.tr\/wp-content\/uploads\/2022\/04\/fidanlari-soguktan-koruma-yontemleri-01-1024x267.jpg 1024w, https:\/\/packnet.com.tr\/wp-content\/uploads\/2022\/04\/fidanlari-soguktan-koruma-yontemleri-01-768x200.jpg 768w, https:\/\/packnet.com.tr\/wp-content\/uploads\/2022\/04\/fidanlari-soguktan-koruma-yontemleri-01-1536x400.jpg 1536w\" sizes=\"(max-width: 1920px) 100vw, 1920px\" \/><\/div><\/a>\n\t\t\t\t<div class=\"elementor-post__text\">\n\t\t\t\t<h3 class=\"elementor-post__title\">\n\t\t\t<a href=\"https:\/\/packnet.com.tr\/de\/methoden-zum-schutz-der-setzlinge-vor-kaelte-bauernstimme\/\">\n\t\t\t\tMethoden zum Schutz der Setzlinge vor K\u00e4lte &#8211; BAUERNSTIMME\t\t\t<\/a>\n\t\t<\/h3>\n\t\t\t\t<div class=\"elementor-post__excerpt\">\n\t\t\t<p>Mert \u0130zgi, Gesch\u00e4ftsf\u00fchrer von pack&amp;net, einem lokalen Verpackungsunternehmen, spricht \u00fcber die Verwendung von erl\u00e4utert die Verwendung von extrudierten plastiknetz. pack&amp;net Packaging stellt seit 2003 extrudierte<\/p>\n\t\t<\/div>\n\t\t\n\t\t<a class=\"elementor-post__read-more\" href=\"https:\/\/packnet.com.tr\/de\/methoden-zum-schutz-der-setzlinge-vor-kaelte-bauernstimme\/\" aria-label=\"Mehr \u00fcber Methoden zum Schutz der Setzlinge vor K\u00e4lte &#8211; BAUERNSTIMME\" tabindex=\"-1\">\n\t\t\tMehr lesen \u00bb\t\t<\/a>\n\n\t\t\t\t<\/div>\n\t\t\t\t<div class=\"elementor-post__meta-data\">\n\t\t\t\t\t<span class=\"elementor-post-date\">\n\t\t\t22 September 2023\t\t<\/span>\n\t\t\t\t<\/div>\n\t\t\t\t\t<\/div>\n\t\t<\/article>\n\t\t\t\t<article class=\"elementor-post elementor-grid-item post-6149 post type-post status-publish format-standard has-post-thumbnail hentry category-unkategorisiert\" role=\"listitem\">\n\t\t\t<div class=\"elementor-post__card\">\n\t\t\t\t<a class=\"elementor-post__thumbnail__link\" href=\"https:\/\/packnet.com.tr\/de\/landwirtschaft-und-bauernfreundliche-pflanzenschutznetze-und-schlaeuche\/\" tabindex=\"-1\"><div class=\"elementor-post__thumbnail\"><img decoding=\"async\" width=\"1920\" height=\"500\" src=\"https:\/\/packnet.com.tr\/wp-content\/uploads\/2021\/04\/packnet-fidan-koruma.jpg\" class=\"attachment-full size-full wp-image-5042\" alt=\"\" srcset=\"https:\/\/packnet.com.tr\/wp-content\/uploads\/2021\/04\/packnet-fidan-koruma.jpg 1920w, https:\/\/packnet.com.tr\/wp-content\/uploads\/2021\/04\/packnet-fidan-koruma-300x78.jpg 300w, https:\/\/packnet.com.tr\/wp-content\/uploads\/2021\/04\/packnet-fidan-koruma-1024x267.jpg 1024w, https:\/\/packnet.com.tr\/wp-content\/uploads\/2021\/04\/packnet-fidan-koruma-768x200.jpg 768w, https:\/\/packnet.com.tr\/wp-content\/uploads\/2021\/04\/packnet-fidan-koruma-1536x400.jpg 1536w\" sizes=\"(max-width: 1920px) 100vw, 1920px\" \/><\/div><\/a>\n\t\t\t\t<div class=\"elementor-post__text\">\n\t\t\t\t<h3 class=\"elementor-post__title\">\n\t\t\t<a href=\"https:\/\/packnet.com.tr\/de\/landwirtschaft-und-bauernfreundliche-pflanzenschutznetze-und-schlaeuche\/\">\n\t\t\t\tLandwirtschaft und bauernfreundliche Pflanzenschutznetze und -schl\u00e4uche\t\t\t<\/a>\n\t\t<\/h3>\n\t\t\t\t<div class=\"elementor-post__excerpt\">\n\t\t\t<p>Man kann pflanzenschutznetze und -schl\u00e4uche als einen Schutzschild bezeichnen, der die Jungpflanzen vor negativen \u00e4u\u00dferen Einfl\u00fcssen sch\u00fctzt. Diese Produkte, die f\u00c3\u00bcr das gesunde Wachstum und<\/p>\n\t\t<\/div>\n\t\t\n\t\t<a class=\"elementor-post__read-more\" href=\"https:\/\/packnet.com.tr\/de\/landwirtschaft-und-bauernfreundliche-pflanzenschutznetze-und-schlaeuche\/\" aria-label=\"Mehr \u00fcber Landwirtschaft und bauernfreundliche Pflanzenschutznetze und -schl\u00e4uche\" tabindex=\"-1\">\n\t\t\tMehr lesen \u00bb\t\t<\/a>\n\n\t\t\t\t<\/div>\n\t\t\t\t<div class=\"elementor-post__meta-data\">\n\t\t\t\t\t<span class=\"elementor-post-date\">\n\t\t\t22 September 2023\t\t<\/span>\n\t\t\t\t<\/div>\n\t\t\t\t\t<\/div>\n\t\t<\/article>\n\t\t\t\t<article class=\"elementor-post elementor-grid-item post-6139 post type-post status-publish format-standard has-post-thumbnail hentry category-unkategorisiert\" role=\"listitem\">\n\t\t\t<div class=\"elementor-post__card\">\n\t\t\t\t<a class=\"elementor-post__thumbnail__link\" href=\"https:\/\/packnet.com.tr\/de\/apfel-netz\/\" tabindex=\"-1\"><div class=\"elementor-post__thumbnail\"><img loading=\"lazy\" decoding=\"async\" width=\"1290\" height=\"500\" src=\"https:\/\/packnet.com.tr\/wp-content\/uploads\/2022\/08\/elma-filesi.jpg\" class=\"attachment-full size-full wp-image-5155\" alt=\"\" srcset=\"https:\/\/packnet.com.tr\/wp-content\/uploads\/2022\/08\/elma-filesi.jpg 1290w, https:\/\/packnet.com.tr\/wp-content\/uploads\/2022\/08\/elma-filesi-300x116.jpg 300w, https:\/\/packnet.com.tr\/wp-content\/uploads\/2022\/08\/elma-filesi-1024x397.jpg 1024w, https:\/\/packnet.com.tr\/wp-content\/uploads\/2022\/08\/elma-filesi-768x298.jpg 768w\" sizes=\"(max-width: 1290px) 100vw, 1290px\" \/><\/div><\/a>\n\t\t\t\t<div class=\"elementor-post__text\">\n\t\t\t\t<h3 class=\"elementor-post__title\">\n\t\t\t<a href=\"https:\/\/packnet.com.tr\/de\/apfel-netz\/\">\n\t\t\t\tApfel-Netz\t\t\t<\/a>\n\t\t<\/h3>\n\t\t\t\t<div class=\"elementor-post__excerpt\">\n\t\t\t<p>Verpackungssysteme in der Fertigungsindustrie F\u00c3\u00bcr Hersteller und H\u00c3\u00a4ndler ist die sichere Lagerung von Produkten nach der Herstellung und die Konservierung im Lieferprozess einer der wichtigsten<\/p>\n\t\t<\/div>\n\t\t\n\t\t<a class=\"elementor-post__read-more\" href=\"https:\/\/packnet.com.tr\/de\/apfel-netz\/\" aria-label=\"Mehr \u00fcber Apfel-Netz\" tabindex=\"-1\">\n\t\t\tMehr lesen \u00bb\t\t<\/a>\n\n\t\t\t\t<\/div>\n\t\t\t\t<div class=\"elementor-post__meta-data\">\n\t\t\t\t\t<span class=\"elementor-post-date\">\n\t\t\t21 September 2023\t\t<\/span>\n\t\t\t\t<\/div>\n\t\t\t\t\t<\/div>\n\t\t<\/article>\n\t\t\t\t<article class=\"elementor-post elementor-grid-item post-6132 post type-post status-publish format-standard has-post-thumbnail hentry category-unkategorisiert\" role=\"listitem\">\n\t\t\t<div class=\"elementor-post__card\">\n\t\t\t\t<a class=\"elementor-post__thumbnail__link\" href=\"https:\/\/packnet.com.tr\/de\/wir-haben-unseren-platz-auf-der-messe-berlin-fruit-logistica-eingenommen\/\" tabindex=\"-1\"><div class=\"elementor-post__thumbnail\"><img loading=\"lazy\" decoding=\"async\" width=\"1920\" height=\"600\" src=\"https:\/\/packnet.com.tr\/wp-content\/uploads\/2022\/09\/berlin-fruit-logistica.jpg\" class=\"attachment-full size-full wp-image-5092\" alt=\"\" srcset=\"https:\/\/packnet.com.tr\/wp-content\/uploads\/2022\/09\/berlin-fruit-logistica.jpg 1920w, https:\/\/packnet.com.tr\/wp-content\/uploads\/2022\/09\/berlin-fruit-logistica-300x94.jpg 300w, https:\/\/packnet.com.tr\/wp-content\/uploads\/2022\/09\/berlin-fruit-logistica-1024x320.jpg 1024w, https:\/\/packnet.com.tr\/wp-content\/uploads\/2022\/09\/berlin-fruit-logistica-768x240.jpg 768w, https:\/\/packnet.com.tr\/wp-content\/uploads\/2022\/09\/berlin-fruit-logistica-1536x480.jpg 1536w\" sizes=\"(max-width: 1920px) 100vw, 1920px\" \/><\/div><\/a>\n\t\t\t\t<div class=\"elementor-post__text\">\n\t\t\t\t<h3 class=\"elementor-post__title\">\n\t\t\t<a href=\"https:\/\/packnet.com.tr\/de\/wir-haben-unseren-platz-auf-der-messe-berlin-fruit-logistica-eingenommen\/\">\n\t\t\t\tWir haben unseren Platz auf der Messe Berlin Fruit Logistica eingenommen\t\t\t<\/a>\n\t\t<\/h3>\n\t\t\t\t<div class=\"elementor-post__excerpt\">\n\t\t\t<p>Aussteller und Besucher aus 86 L\u00e4ndern kommen jedes Jahr zur FRUIT LOGISTICA, um sich \u00fcber Innovationen im internationalen Frischobst- und -gem\u00fcsehandel zu informieren und neue<\/p>\n\t\t<\/div>\n\t\t\n\t\t<a class=\"elementor-post__read-more\" href=\"https:\/\/packnet.com.tr\/de\/wir-haben-unseren-platz-auf-der-messe-berlin-fruit-logistica-eingenommen\/\" aria-label=\"Mehr \u00fcber Wir haben unseren Platz auf der Messe Berlin Fruit Logistica eingenommen\" tabindex=\"-1\">\n\t\t\tMehr lesen \u00bb\t\t<\/a>\n\n\t\t\t\t<\/div>\n\t\t\t\t<div class=\"elementor-post__meta-data\">\n\t\t\t\t\t<span class=\"elementor-post-date\">\n\t\t\t11 September 2023\t\t<\/span>\n\t\t\t\t<\/div>\n\t\t\t\t\t<\/div>\n\t\t<\/article>\n\t\t\t\t<article class=\"elementor-post elementor-grid-item post-6126 post type-post status-publish format-standard has-post-thumbnail hentry category-unkategorisiert\" role=\"listitem\">\n\t\t\t<div class=\"elementor-post__card\">\n\t\t\t\t<a class=\"elementor-post__thumbnail__link\" href=\"https:\/\/packnet.com.tr\/de\/unverzichtbare-strassenmuscheln-und-die-verwendung-von-muschelnetzen-im-lieferprozess\/\" tabindex=\"-1\"><div class=\"elementor-post__thumbnail\"><img loading=\"lazy\" decoding=\"async\" width=\"1920\" height=\"600\" src=\"https:\/\/packnet.com.tr\/wp-content\/uploads\/2022\/09\/midye-ve-midyefilesi.jpg\" class=\"attachment-full size-full wp-image-5110\" alt=\"\" srcset=\"https:\/\/packnet.com.tr\/wp-content\/uploads\/2022\/09\/midye-ve-midyefilesi.jpg 1920w, https:\/\/packnet.com.tr\/wp-content\/uploads\/2022\/09\/midye-ve-midyefilesi-300x94.jpg 300w, https:\/\/packnet.com.tr\/wp-content\/uploads\/2022\/09\/midye-ve-midyefilesi-1024x320.jpg 1024w, https:\/\/packnet.com.tr\/wp-content\/uploads\/2022\/09\/midye-ve-midyefilesi-768x240.jpg 768w, https:\/\/packnet.com.tr\/wp-content\/uploads\/2022\/09\/midye-ve-midyefilesi-1536x480.jpg 1536w\" sizes=\"(max-width: 1920px) 100vw, 1920px\" \/><\/div><\/a>\n\t\t\t\t<div class=\"elementor-post__text\">\n\t\t\t\t<h3 class=\"elementor-post__title\">\n\t\t\t<a href=\"https:\/\/packnet.com.tr\/de\/unverzichtbare-strassenmuscheln-und-die-verwendung-von-muschelnetzen-im-lieferprozess\/\">\n\t\t\t\tUnverzichtbare Stra\u00dfenmuscheln und die Verwendung von Muschelnetzen im Lieferprozess\t\t\t<\/a>\n\t\t<\/h3>\n\t\t\t\t<div class=\"elementor-post__excerpt\">\n\t\t\t<p>Bedeutung der Muschelkultur in der T\u00fcrkei und Schutzmethoden Heute hat sich die Street-Food-Kultur erheblich weiterentwickelt. Insbesondere der Muschelkonsum und die Muschelkultur geh\u00f6ren zu den Bereichen,<\/p>\n\t\t<\/div>\n\t\t\n\t\t<a class=\"elementor-post__read-more\" href=\"https:\/\/packnet.com.tr\/de\/unverzichtbare-strassenmuscheln-und-die-verwendung-von-muschelnetzen-im-lieferprozess\/\" aria-label=\"Mehr \u00fcber Unverzichtbare Stra\u00dfenmuscheln und die Verwendung von Muschelnetzen im Lieferprozess\" tabindex=\"-1\">\n\t\t\tMehr lesen \u00bb\t\t<\/a>\n\n\t\t\t\t<\/div>\n\t\t\t\t<div class=\"elementor-post__meta-data\">\n\t\t\t\t\t<span class=\"elementor-post-date\">\n\t\t\t11 September 2023\t\t<\/span>\n\t\t\t\t<\/div>\n\t\t\t\t\t<\/div>\n\t\t<\/article>\n\t\t\t\t<article class=\"elementor-post elementor-grid-item post-6120 post type-post status-publish format-standard has-post-thumbnail hentry category-unkategorisiert\" role=\"listitem\">\n\t\t\t<div class=\"elementor-post__card\">\n\t\t\t\t<a class=\"elementor-post__thumbnail__link\" href=\"https:\/\/packnet.com.tr\/de\/transport-von-trockenfutter\/\" tabindex=\"-1\"><div class=\"elementor-post__thumbnail\"><img loading=\"lazy\" decoding=\"async\" width=\"1920\" height=\"600\" src=\"https:\/\/packnet.com.tr\/wp-content\/uploads\/2022\/10\/kuru-gida-tasimaciligi.jpg\" class=\"attachment-full size-full wp-image-5149\" alt=\"\" srcset=\"https:\/\/packnet.com.tr\/wp-content\/uploads\/2022\/10\/kuru-gida-tasimaciligi.jpg 1920w, https:\/\/packnet.com.tr\/wp-content\/uploads\/2022\/10\/kuru-gida-tasimaciligi-300x94.jpg 300w, https:\/\/packnet.com.tr\/wp-content\/uploads\/2022\/10\/kuru-gida-tasimaciligi-1024x320.jpg 1024w, https:\/\/packnet.com.tr\/wp-content\/uploads\/2022\/10\/kuru-gida-tasimaciligi-768x240.jpg 768w, https:\/\/packnet.com.tr\/wp-content\/uploads\/2022\/10\/kuru-gida-tasimaciligi-1536x480.jpg 1536w\" sizes=\"(max-width: 1920px) 100vw, 1920px\" \/><\/div><\/a>\n\t\t\t\t<div class=\"elementor-post__text\">\n\t\t\t\t<h3 class=\"elementor-post__title\">\n\t\t\t<a href=\"https:\/\/packnet.com.tr\/de\/transport-von-trockenfutter\/\">\n\t\t\t\tTransport von Trockenfutter\t\t\t<\/a>\n\t\t<\/h3>\n\t\t\t\t<div class=\"elementor-post__excerpt\">\n\t\t\t<p>Wie sollte der Transport von Trockenfutter erfolgen? Infolge der Verbreitung des elektronischen Handels und der zunehmenden M\u00f6glichkeiten, Kunden zu erreichen, hat der Transport von Trockenlebensmitteln<\/p>\n\t\t<\/div>\n\t\t\n\t\t<a class=\"elementor-post__read-more\" href=\"https:\/\/packnet.com.tr\/de\/transport-von-trockenfutter\/\" aria-label=\"Mehr \u00fcber Transport von Trockenfutter\" tabindex=\"-1\">\n\t\t\tMehr lesen \u00bb\t\t<\/a>\n\n\t\t\t\t<\/div>\n\t\t\t\t<div class=\"elementor-post__meta-data\">\n\t\t\t\t\t<span class=\"elementor-post-date\">\n\t\t\t11 September 2023\t\t<\/span>\n\t\t\t\t<\/div>\n\t\t\t\t\t<\/div>\n\t\t<\/article>\n\t\t\t\t<\/div>\n\t\t\n\t\t\t\t\t\t<\/div>\n\t\t\t\t<\/div>\n\t\t\t\t\t<\/div>\n\t\t\t\t<\/div>\n\t\t\t\t<\/div>\n\t\t","protected":false},"excerpt":{"rendered":"","protected":false},"author":1,"featured_media":0,"parent":0,"menu_order":0,"comment_status":"closed","ping_status":"closed","template":"","meta":{"footnotes":""},"class_list":["post-5840","page","type-page","status-publish","hentry"],"_links":{"self":[{"href":"https:\/\/packnet.com.tr\/de\/wp-json\/wp\/v2\/pages\/5840","targetHints":{"allow":["GET"]}}],"collection":[{"href":"https:\/\/packnet.com.tr\/de\/wp-json\/wp\/v2\/pages"}],"about":[{"href":"https:\/\/packnet.com.tr\/de\/wp-json\/wp\/v2\/types\/page"}],"author":[{"embeddable":true,"href":"https:\/\/packnet.com.tr\/de\/wp-json\/wp\/v2\/users\/1"}],"replies":[{"embeddable":true,"href":"https:\/\/packnet.com.tr\/de\/wp-json\/wp\/v2\/comments?post=5840"}],"version-history":[{"count":0,"href":"https:\/\/packnet.com.tr\/de\/wp-json\/wp\/v2\/pages\/5840\/revisions"}],"wp:attachment":[{"href":"https:\/\/packnet.com.tr\/de\/wp-json\/wp\/v2\/media?parent=5840"}],"curies":[{"name":"wp","href":"https:\/\/api.w.org\/{rel}","templated":true}]}}