{"id":5842,"date":"2023-08-29T17:16:51","date_gmt":"2023-08-29T14:16:51","guid":{"rendered":"https:\/\/packnet.com.tr\/noticias\/"},"modified":"2023-08-29T17:16:51","modified_gmt":"2023-08-29T14:16:51","slug":"noticias","status":"publish","type":"page","link":"https:\/\/packnet.com.tr\/es\/noticias\/","title":{"rendered":"Noticias"},"content":{"rendered":"\t\t<div data-elementor-type=\"wp-page\" data-elementor-id=\"5842\" class=\"elementor elementor-5842 elementor-4143\" data-elementor-post-type=\"page\">\n\t\t\t\t<div class=\"elementor-element elementor-element-49a3fe8 e-flex e-con-boxed e-con e-parent\" data-id=\"49a3fe8\" data-element_type=\"container\">\n\t\t\t\t\t<div class=\"e-con-inner\">\n\t\t\t\t<div class=\"elementor-element elementor-element-13e5460 elementor-grid-3 elementor-grid-tablet-2 elementor-grid-mobile-1 elementor-posts--thumbnail-top elementor-card-shadow-yes elementor-posts__hover-gradient elementor-widget elementor-widget-posts\" data-id=\"13e5460\" data-element_type=\"widget\" data-settings=\"{&quot;cards_columns&quot;:&quot;3&quot;,&quot;cards_columns_tablet&quot;:&quot;2&quot;,&quot;cards_columns_mobile&quot;:&quot;1&quot;,&quot;cards_row_gap&quot;:{&quot;unit&quot;:&quot;px&quot;,&quot;size&quot;:35,&quot;sizes&quot;:[]},&quot;cards_row_gap_tablet&quot;:{&quot;unit&quot;:&quot;px&quot;,&quot;size&quot;:&quot;&quot;,&quot;sizes&quot;:[]},&quot;cards_row_gap_mobile&quot;:{&quot;unit&quot;:&quot;px&quot;,&quot;size&quot;:&quot;&quot;,&quot;sizes&quot;:[]}}\" data-widget_type=\"posts.cards\">\n\t\t\t\t<div class=\"elementor-widget-container\">\n\t\t\t\t\t\t\t<div class=\"elementor-posts-container elementor-posts elementor-posts--skin-cards elementor-grid\" role=\"list\">\n\t\t\t\t<article class=\"elementor-post elementor-grid-item post-7393 post type-post status-publish format-standard hentry category-sin-categorizar\" role=\"listitem\">\n\t\t\t<div class=\"elementor-post__card\">\n\t\t\t\t<div class=\"elementor-post__text\">\n\t\t\t\t<h3 class=\"elementor-post__title\">\n\t\t\t<a href=\"https:\/\/packnet.com.tr\/es\/publicacion-de-prueba-de-wpml\/\">\n\t\t\t\tPublicaci\u00f3n de prueba de WPML\t\t\t<\/a>\n\t\t<\/h3>\n\t\t\t\t<div class=\"elementor-post__excerpt\">\n\t\t\t<p>Contenido de la publicaci\u00f3n de prueba TR<\/p>\n\t\t<\/div>\n\t\t\n\t\t<a class=\"elementor-post__read-more\" href=\"https:\/\/packnet.com.tr\/es\/publicacion-de-prueba-de-wpml\/\" aria-label=\"M\u00e1s informaci\u00f3n sobre Publicaci\u00f3n de prueba de WPML\" tabindex=\"-1\">\n\t\t\tSeguir Leyendo \u00bb\t\t<\/a>\n\n\t\t\t\t<\/div>\n\t\t\t\t<div class=\"elementor-post__meta-data\">\n\t\t\t\t\t<span class=\"elementor-post-date\">\n\t\t\t9 octubre 2025\t\t<\/span>\n\t\t\t\t<\/div>\n\t\t\t\t\t<\/div>\n\t\t<\/article>\n\t\t\t\t<article class=\"elementor-post elementor-grid-item post-6161 post type-post status-publish format-standard has-post-thumbnail hentry category-sin-categorizar\" role=\"listitem\">\n\t\t\t<div class=\"elementor-post__card\">\n\t\t\t\t<a class=\"elementor-post__thumbnail__link\" href=\"https:\/\/packnet.com.tr\/es\/metodos-para-proteger-los-plantulas-del-frio-la-voz-del-agricultor\/\" tabindex=\"-1\"><div class=\"elementor-post__thumbnail\"><img fetchpriority=\"high\" decoding=\"async\" width=\"1920\" height=\"500\" src=\"https:\/\/packnet.com.tr\/wp-content\/uploads\/2022\/04\/fidanlari-soguktan-koruma-yontemleri-01.jpg\" class=\"attachment-full size-full wp-image-5078\" alt=\"\" srcset=\"https:\/\/packnet.com.tr\/wp-content\/uploads\/2022\/04\/fidanlari-soguktan-koruma-yontemleri-01.jpg 1920w, https:\/\/packnet.com.tr\/wp-content\/uploads\/2022\/04\/fidanlari-soguktan-koruma-yontemleri-01-300x78.jpg 300w, https:\/\/packnet.com.tr\/wp-content\/uploads\/2022\/04\/fidanlari-soguktan-koruma-yontemleri-01-1024x267.jpg 1024w, https:\/\/packnet.com.tr\/wp-content\/uploads\/2022\/04\/fidanlari-soguktan-koruma-yontemleri-01-768x200.jpg 768w, https:\/\/packnet.com.tr\/wp-content\/uploads\/2022\/04\/fidanlari-soguktan-koruma-yontemleri-01-1536x400.jpg 1536w\" sizes=\"(max-width: 1920px) 100vw, 1920px\" \/><\/div><\/a>\n\t\t\t\t<div class=\"elementor-post__text\">\n\t\t\t\t<h3 class=\"elementor-post__title\">\n\t\t\t<a href=\"https:\/\/packnet.com.tr\/es\/metodos-para-proteger-los-plantulas-del-frio-la-voz-del-agricultor\/\">\n\t\t\t\tM\u00e9todos para Proteger los Plantulas Del Fr\u00edo &#8211; LA VOZ DEL AGRICULTOR\t\t\t<\/a>\n\t\t<\/h3>\n\t\t\t\t<div class=\"elementor-post__excerpt\">\n\t\t\t<p>Mert \u0130zgi, Director General de pack&amp;net, una empresa nacional de envasado, habla del uso de redes de pl\u00e1stico extruido como m\u00e9todo para proteger los arbolitos<\/p>\n\t\t<\/div>\n\t\t\n\t\t<a class=\"elementor-post__read-more\" href=\"https:\/\/packnet.com.tr\/es\/metodos-para-proteger-los-plantulas-del-frio-la-voz-del-agricultor\/\" aria-label=\"M\u00e1s informaci\u00f3n sobre M\u00e9todos para Proteger los Plantulas Del Fr\u00edo &#8211; LA VOZ DEL AGRICULTOR\" tabindex=\"-1\">\n\t\t\tSeguir Leyendo \u00bb\t\t<\/a>\n\n\t\t\t\t<\/div>\n\t\t\t\t<div class=\"elementor-post__meta-data\">\n\t\t\t\t\t<span class=\"elementor-post-date\">\n\t\t\t25 septiembre 2023\t\t<\/span>\n\t\t\t\t<\/div>\n\t\t\t\t\t<\/div>\n\t\t<\/article>\n\t\t\t\t<article class=\"elementor-post elementor-grid-item post-6159 post type-post status-publish format-standard has-post-thumbnail hentry category-sin-categorizar\" role=\"listitem\">\n\t\t\t<div class=\"elementor-post__card\">\n\t\t\t\t<a class=\"elementor-post__thumbnail__link\" href=\"https:\/\/packnet.com.tr\/es\/amigo-de-la-agricultura-y-los-agricultores-mallas-y-tubos-de-proteccion-de-plantulas\/\" tabindex=\"-1\"><div class=\"elementor-post__thumbnail\"><img decoding=\"async\" width=\"1920\" height=\"500\" src=\"https:\/\/packnet.com.tr\/wp-content\/uploads\/2021\/04\/packnet-fidan-koruma.jpg\" class=\"attachment-full size-full wp-image-5043\" alt=\"\" srcset=\"https:\/\/packnet.com.tr\/wp-content\/uploads\/2021\/04\/packnet-fidan-koruma.jpg 1920w, https:\/\/packnet.com.tr\/wp-content\/uploads\/2021\/04\/packnet-fidan-koruma-300x78.jpg 300w, https:\/\/packnet.com.tr\/wp-content\/uploads\/2021\/04\/packnet-fidan-koruma-1024x267.jpg 1024w, https:\/\/packnet.com.tr\/wp-content\/uploads\/2021\/04\/packnet-fidan-koruma-768x200.jpg 768w, https:\/\/packnet.com.tr\/wp-content\/uploads\/2021\/04\/packnet-fidan-koruma-1536x400.jpg 1536w\" sizes=\"(max-width: 1920px) 100vw, 1920px\" \/><\/div><\/a>\n\t\t\t\t<div class=\"elementor-post__text\">\n\t\t\t\t<h3 class=\"elementor-post__title\">\n\t\t\t<a href=\"https:\/\/packnet.com.tr\/es\/amigo-de-la-agricultura-y-los-agricultores-mallas-y-tubos-de-proteccion-de-plantulas\/\">\n\t\t\t\tAmigo de la Agricultura y los Agricultores Mallas y Tubos de Protecci\u00f3n de Plantulas\t\t\t<\/a>\n\t\t<\/h3>\n\t\t\t\t<div class=\"elementor-post__excerpt\">\n\t\t\t<p>Es posible definir las redes y tubos de protecci\u00f3n de plantulas como un escudo que protege a los plantulas contra los factores externos negativos. La<\/p>\n\t\t<\/div>\n\t\t\n\t\t<a class=\"elementor-post__read-more\" href=\"https:\/\/packnet.com.tr\/es\/amigo-de-la-agricultura-y-los-agricultores-mallas-y-tubos-de-proteccion-de-plantulas\/\" aria-label=\"M\u00e1s informaci\u00f3n sobre Amigo de la Agricultura y los Agricultores Mallas y Tubos de Protecci\u00f3n de Plantulas\" tabindex=\"-1\">\n\t\t\tSeguir Leyendo \u00bb\t\t<\/a>\n\n\t\t\t\t<\/div>\n\t\t\t\t<div class=\"elementor-post__meta-data\">\n\t\t\t\t\t<span class=\"elementor-post-date\">\n\t\t\t25 septiembre 2023\t\t<\/span>\n\t\t\t\t<\/div>\n\t\t\t\t\t<\/div>\n\t\t<\/article>\n\t\t\t\t<article class=\"elementor-post elementor-grid-item post-6157 post type-post status-publish format-standard has-post-thumbnail hentry category-sin-categorizar\" role=\"listitem\">\n\t\t\t<div class=\"elementor-post__card\">\n\t\t\t\t<a class=\"elementor-post__thumbnail__link\" href=\"https:\/\/packnet.com.tr\/es\/redes-de-seguridad-para-la-construccion\/\" tabindex=\"-1\"><div class=\"elementor-post__thumbnail\"><img decoding=\"async\" width=\"1920\" height=\"600\" src=\"https:\/\/packnet.com.tr\/wp-content\/uploads\/2022\/08\/insaat-guvenlik-filesi.jpg\" class=\"attachment-full size-full wp-image-5090\" alt=\"\" srcset=\"https:\/\/packnet.com.tr\/wp-content\/uploads\/2022\/08\/insaat-guvenlik-filesi.jpg 1920w, https:\/\/packnet.com.tr\/wp-content\/uploads\/2022\/08\/insaat-guvenlik-filesi-300x94.jpg 300w, https:\/\/packnet.com.tr\/wp-content\/uploads\/2022\/08\/insaat-guvenlik-filesi-1024x320.jpg 1024w, https:\/\/packnet.com.tr\/wp-content\/uploads\/2022\/08\/insaat-guvenlik-filesi-768x240.jpg 768w, https:\/\/packnet.com.tr\/wp-content\/uploads\/2022\/08\/insaat-guvenlik-filesi-1536x480.jpg 1536w\" sizes=\"(max-width: 1920px) 100vw, 1920px\" \/><\/div><\/a>\n\t\t\t\t<div class=\"elementor-post__text\">\n\t\t\t\t<h3 class=\"elementor-post__title\">\n\t\t\t<a href=\"https:\/\/packnet.com.tr\/es\/redes-de-seguridad-para-la-construccion\/\">\n\t\t\t\tRedes de Seguridad para la Construcci\u00f3n\t\t\t<\/a>\n\t\t<\/h3>\n\t\t\t\t<div class=\"elementor-post__excerpt\">\n\t\t\t<p>La red de seguridad para la construcci\u00f3n o red de seguridad para la construcci\u00f3n es un sistema de seguridad contra la ca\u00edda de personas, mercanc\u00edas<\/p>\n\t\t<\/div>\n\t\t\n\t\t<a class=\"elementor-post__read-more\" href=\"https:\/\/packnet.com.tr\/es\/redes-de-seguridad-para-la-construccion\/\" aria-label=\"M\u00e1s informaci\u00f3n sobre Redes de Seguridad para la Construcci\u00f3n\" tabindex=\"-1\">\n\t\t\tSeguir Leyendo \u00bb\t\t<\/a>\n\n\t\t\t\t<\/div>\n\t\t\t\t<div class=\"elementor-post__meta-data\">\n\t\t\t\t\t<span class=\"elementor-post-date\">\n\t\t\t25 septiembre 2023\t\t<\/span>\n\t\t\t\t<\/div>\n\t\t\t\t\t<\/div>\n\t\t<\/article>\n\t\t\t\t<article class=\"elementor-post elementor-grid-item post-6141 post type-post status-publish format-standard has-post-thumbnail hentry category-sin-categorizar\" role=\"listitem\">\n\t\t\t<div class=\"elementor-post__card\">\n\t\t\t\t<a class=\"elementor-post__thumbnail__link\" href=\"https:\/\/packnet.com.tr\/es\/red-de-manzana\/\" tabindex=\"-1\"><div class=\"elementor-post__thumbnail\"><img loading=\"lazy\" decoding=\"async\" width=\"1290\" height=\"500\" src=\"https:\/\/packnet.com.tr\/wp-content\/uploads\/2022\/08\/elma-filesi.jpg\" class=\"attachment-full size-full wp-image-5156\" alt=\"\" srcset=\"https:\/\/packnet.com.tr\/wp-content\/uploads\/2022\/08\/elma-filesi.jpg 1290w, https:\/\/packnet.com.tr\/wp-content\/uploads\/2022\/08\/elma-filesi-300x116.jpg 300w, https:\/\/packnet.com.tr\/wp-content\/uploads\/2022\/08\/elma-filesi-1024x397.jpg 1024w, https:\/\/packnet.com.tr\/wp-content\/uploads\/2022\/08\/elma-filesi-768x298.jpg 768w\" sizes=\"(max-width: 1290px) 100vw, 1290px\" \/><\/div><\/a>\n\t\t\t\t<div class=\"elementor-post__text\">\n\t\t\t\t<h3 class=\"elementor-post__title\">\n\t\t\t<a href=\"https:\/\/packnet.com.tr\/es\/red-de-manzana\/\">\n\t\t\t\tRed de Manzana\t\t\t<\/a>\n\t\t<\/h3>\n\t\t\t\t<div class=\"elementor-post__excerpt\">\n\t\t\t<p>Sistemas de envasado en la industria manufacturera Para fabricantes y distribuidores, el almacenamiento seguro de los productos tras su fabricaci\u00f3n y su conservaci\u00f3n en el<\/p>\n\t\t<\/div>\n\t\t\n\t\t<a class=\"elementor-post__read-more\" href=\"https:\/\/packnet.com.tr\/es\/red-de-manzana\/\" aria-label=\"M\u00e1s informaci\u00f3n sobre Red de Manzana\" tabindex=\"-1\">\n\t\t\tSeguir Leyendo \u00bb\t\t<\/a>\n\n\t\t\t\t<\/div>\n\t\t\t\t<div class=\"elementor-post__meta-data\">\n\t\t\t\t\t<span class=\"elementor-post-date\">\n\t\t\t22 septiembre 2023\t\t<\/span>\n\t\t\t\t<\/div>\n\t\t\t\t\t<\/div>\n\t\t<\/article>\n\t\t\t\t<article class=\"elementor-post elementor-grid-item post-6134 post type-post status-publish format-standard has-post-thumbnail hentry category-sin-categorizar\" role=\"listitem\">\n\t\t\t<div class=\"elementor-post__card\">\n\t\t\t\t<a class=\"elementor-post__thumbnail__link\" href=\"https:\/\/packnet.com.tr\/es\/ocupamos-nuestro-lugar-en-la-feria-fruit-logistica-de-berlin\/\" tabindex=\"-1\"><div class=\"elementor-post__thumbnail\"><img loading=\"lazy\" decoding=\"async\" width=\"1920\" height=\"600\" src=\"https:\/\/packnet.com.tr\/wp-content\/uploads\/2022\/09\/berlin-fruit-logistica.jpg\" class=\"attachment-full size-full wp-image-5093\" alt=\"\" srcset=\"https:\/\/packnet.com.tr\/wp-content\/uploads\/2022\/09\/berlin-fruit-logistica.jpg 1920w, https:\/\/packnet.com.tr\/wp-content\/uploads\/2022\/09\/berlin-fruit-logistica-300x94.jpg 300w, https:\/\/packnet.com.tr\/wp-content\/uploads\/2022\/09\/berlin-fruit-logistica-1024x320.jpg 1024w, https:\/\/packnet.com.tr\/wp-content\/uploads\/2022\/09\/berlin-fruit-logistica-768x240.jpg 768w, https:\/\/packnet.com.tr\/wp-content\/uploads\/2022\/09\/berlin-fruit-logistica-1536x480.jpg 1536w\" sizes=\"(max-width: 1920px) 100vw, 1920px\" \/><\/div><\/a>\n\t\t\t\t<div class=\"elementor-post__text\">\n\t\t\t\t<h3 class=\"elementor-post__title\">\n\t\t\t<a href=\"https:\/\/packnet.com.tr\/es\/ocupamos-nuestro-lugar-en-la-feria-fruit-logistica-de-berlin\/\">\n\t\t\t\tOcupamos nuestro lugar en la Feria Fruit Logistica de Berl\u00edn\t\t\t<\/a>\n\t\t<\/h3>\n\t\t\t\t<div class=\"elementor-post__excerpt\">\n\t\t\t<p>Expositores y visitantes de 86 pa\u00edses acuden cada a\u00f1o a FRUIT LOGISTICA para mantenerse informados sobre las novedades del comercio internacional de frutas y hortalizas<\/p>\n\t\t<\/div>\n\t\t\n\t\t<a class=\"elementor-post__read-more\" href=\"https:\/\/packnet.com.tr\/es\/ocupamos-nuestro-lugar-en-la-feria-fruit-logistica-de-berlin\/\" aria-label=\"M\u00e1s informaci\u00f3n sobre Ocupamos nuestro lugar en la Feria Fruit Logistica de Berl\u00edn\" tabindex=\"-1\">\n\t\t\tSeguir Leyendo \u00bb\t\t<\/a>\n\n\t\t\t\t<\/div>\n\t\t\t\t<div class=\"elementor-post__meta-data\">\n\t\t\t\t\t<span class=\"elementor-post-date\">\n\t\t\t11 septiembre 2023\t\t<\/span>\n\t\t\t\t<\/div>\n\t\t\t\t\t<\/div>\n\t\t<\/article>\n\t\t\t\t<article class=\"elementor-post elementor-grid-item post-6128 post type-post status-publish format-standard has-post-thumbnail hentry category-sin-categorizar\" role=\"listitem\">\n\t\t\t<div class=\"elementor-post__card\">\n\t\t\t\t<a class=\"elementor-post__thumbnail__link\" href=\"https:\/\/packnet.com.tr\/es\/los-imprescindibles-mejillones-de-sabor-callejero-y-el-uso-de-la-red-de-mejillones-en-el-proceso-de-suministro\/\" tabindex=\"-1\"><div class=\"elementor-post__thumbnail\"><img loading=\"lazy\" decoding=\"async\" width=\"1920\" height=\"600\" src=\"https:\/\/packnet.com.tr\/wp-content\/uploads\/2022\/09\/midye-ve-midyefilesi.jpg\" class=\"attachment-full size-full wp-image-5111\" alt=\"\" srcset=\"https:\/\/packnet.com.tr\/wp-content\/uploads\/2022\/09\/midye-ve-midyefilesi.jpg 1920w, https:\/\/packnet.com.tr\/wp-content\/uploads\/2022\/09\/midye-ve-midyefilesi-300x94.jpg 300w, https:\/\/packnet.com.tr\/wp-content\/uploads\/2022\/09\/midye-ve-midyefilesi-1024x320.jpg 1024w, https:\/\/packnet.com.tr\/wp-content\/uploads\/2022\/09\/midye-ve-midyefilesi-768x240.jpg 768w, https:\/\/packnet.com.tr\/wp-content\/uploads\/2022\/09\/midye-ve-midyefilesi-1536x480.jpg 1536w\" sizes=\"(max-width: 1920px) 100vw, 1920px\" \/><\/div><\/a>\n\t\t\t\t<div class=\"elementor-post__text\">\n\t\t\t\t<h3 class=\"elementor-post__title\">\n\t\t\t<a href=\"https:\/\/packnet.com.tr\/es\/los-imprescindibles-mejillones-de-sabor-callejero-y-el-uso-de-la-red-de-mejillones-en-el-proceso-de-suministro\/\">\n\t\t\t\tLos imprescindibles Mejillones de Sabor Callejero y El Uso de La Red de Mejillones en El Proceso de Suministro\t\t\t<\/a>\n\t\t<\/h3>\n\t\t\t\t<div class=\"elementor-post__excerpt\">\n\t\t\t<p>Importancia Del Cultivo de Mejillones en Turqu\u00eda y M\u00e9todos de Protecci\u00f3n Hoy en d\u00eda, la cultura de la comida callejera se ha desarrollado considerablemente. En<\/p>\n\t\t<\/div>\n\t\t\n\t\t<a class=\"elementor-post__read-more\" href=\"https:\/\/packnet.com.tr\/es\/los-imprescindibles-mejillones-de-sabor-callejero-y-el-uso-de-la-red-de-mejillones-en-el-proceso-de-suministro\/\" aria-label=\"M\u00e1s informaci\u00f3n sobre Los imprescindibles Mejillones de Sabor Callejero y El Uso de La Red de Mejillones en El Proceso de Suministro\" tabindex=\"-1\">\n\t\t\tSeguir Leyendo \u00bb\t\t<\/a>\n\n\t\t\t\t<\/div>\n\t\t\t\t<div class=\"elementor-post__meta-data\">\n\t\t\t\t\t<span class=\"elementor-post-date\">\n\t\t\t11 septiembre 2023\t\t<\/span>\n\t\t\t\t<\/div>\n\t\t\t\t\t<\/div>\n\t\t<\/article>\n\t\t\t\t<article class=\"elementor-post elementor-grid-item post-6122 post type-post status-publish format-standard has-post-thumbnail hentry category-sin-categorizar\" role=\"listitem\">\n\t\t\t<div class=\"elementor-post__card\">\n\t\t\t\t<a class=\"elementor-post__thumbnail__link\" href=\"https:\/\/packnet.com.tr\/es\/transporte-de-alimentos-secos\/\" tabindex=\"-1\"><div class=\"elementor-post__thumbnail\"><img loading=\"lazy\" decoding=\"async\" width=\"1920\" height=\"600\" src=\"https:\/\/packnet.com.tr\/wp-content\/uploads\/2022\/10\/kuru-gida-tasimaciligi.jpg\" class=\"attachment-full size-full wp-image-5150\" alt=\"\" srcset=\"https:\/\/packnet.com.tr\/wp-content\/uploads\/2022\/10\/kuru-gida-tasimaciligi.jpg 1920w, https:\/\/packnet.com.tr\/wp-content\/uploads\/2022\/10\/kuru-gida-tasimaciligi-300x94.jpg 300w, https:\/\/packnet.com.tr\/wp-content\/uploads\/2022\/10\/kuru-gida-tasimaciligi-1024x320.jpg 1024w, https:\/\/packnet.com.tr\/wp-content\/uploads\/2022\/10\/kuru-gida-tasimaciligi-768x240.jpg 768w, https:\/\/packnet.com.tr\/wp-content\/uploads\/2022\/10\/kuru-gida-tasimaciligi-1536x480.jpg 1536w\" sizes=\"(max-width: 1920px) 100vw, 1920px\" \/><\/div><\/a>\n\t\t\t\t<div class=\"elementor-post__text\">\n\t\t\t\t<h3 class=\"elementor-post__title\">\n\t\t\t<a href=\"https:\/\/packnet.com.tr\/es\/transporte-de-alimentos-secos\/\">\n\t\t\t\tTransporte de Alimentos Secos\t\t\t<\/a>\n\t\t<\/h3>\n\t\t\t\t<div class=\"elementor-post__excerpt\">\n\t\t\t<p>\u00bfC\u00f3mo debe ser el transporte de alimentos secos? Como consecuencia de la proliferaci\u00f3n del comercio electr\u00f3nico y de las mayores oportunidades de llegar a los<\/p>\n\t\t<\/div>\n\t\t\n\t\t<a class=\"elementor-post__read-more\" href=\"https:\/\/packnet.com.tr\/es\/transporte-de-alimentos-secos\/\" aria-label=\"M\u00e1s informaci\u00f3n sobre Transporte de Alimentos Secos\" tabindex=\"-1\">\n\t\t\tSeguir Leyendo \u00bb\t\t<\/a>\n\n\t\t\t\t<\/div>\n\t\t\t\t<div class=\"elementor-post__meta-data\">\n\t\t\t\t\t<span class=\"elementor-post-date\">\n\t\t\t11 septiembre 2023\t\t<\/span>\n\t\t\t\t<\/div>\n\t\t\t\t\t<\/div>\n\t\t<\/article>\n\t\t\t\t<\/div>\n\t\t\n\t\t\t\t\t\t<\/div>\n\t\t\t\t<\/div>\n\t\t\t\t\t<\/div>\n\t\t\t\t<\/div>\n\t\t\t\t<\/div>\n\t\t","protected":false},"excerpt":{"rendered":"","protected":false},"author":1,"featured_media":0,"parent":0,"menu_order":0,"comment_status":"closed","ping_status":"closed","template":"","meta":{"footnotes":""},"class_list":["post-5842","page","type-page","status-publish","hentry"],"_links":{"self":[{"href":"https:\/\/packnet.com.tr\/es\/wp-json\/wp\/v2\/pages\/5842","targetHints":{"allow":["GET"]}}],"collection":[{"href":"https:\/\/packnet.com.tr\/es\/wp-json\/wp\/v2\/pages"}],"about":[{"href":"https:\/\/packnet.com.tr\/es\/wp-json\/wp\/v2\/types\/page"}],"author":[{"embeddable":true,"href":"https:\/\/packnet.com.tr\/es\/wp-json\/wp\/v2\/users\/1"}],"replies":[{"embeddable":true,"href":"https:\/\/packnet.com.tr\/es\/wp-json\/wp\/v2\/comments?post=5842"}],"version-history":[{"count":0,"href":"https:\/\/packnet.com.tr\/es\/wp-json\/wp\/v2\/pages\/5842\/revisions"}],"wp:attachment":[{"href":"https:\/\/packnet.com.tr\/es\/wp-json\/wp\/v2\/media?parent=5842"}],"curies":[{"name":"wp","href":"https:\/\/api.w.org\/{rel}","templated":true}]}}